{"id":93,"date":"2025-04-16T14:59:47","date_gmt":"2025-04-16T14:59:47","guid":{"rendered":"https:\/\/ferreteriaterriza.com\/?page_id=93"},"modified":"2025-06-19T12:05:46","modified_gmt":"2025-06-19T12:05:46","slug":"sobre-nosotros","status":"publish","type":"page","link":"https:\/\/ferreteriaterriza.com\/en\/sobre-nosotros\/","title":{"rendered":"Sobre nosotros"},"content":{"rendered":"<p>[et_pb_section fb_built=\u00bb1&#8243; next_background_color=\u00bb#ffffff\u00bb _builder_version=\u00bb4.27.4&#8243; _module_preset=\u00bbdefault\u00bb background_color=\u00bb#FFC107&#8243; background_image=\u00bbhttp:\/\/ferreteriaterriza.com\/wp-content\/uploads\/2025\/04\/Herramientas-header.jpg\u00bb background_blend=\u00bbmultiply\u00bb custom_padding=\u00bb105px||105px||true|\u00bb bottom_divider_style=\u00bbasymmetric3&#8243; global_colors_info=\u00bb{}\u00bb][et_pb_row column_structure=\u00bb3_5,2_5&#8243; _builder_version=\u00bb4.27.4&#8243; _module_preset=\u00bbdefault\u00bb width=\u00bb90%\u00bb max_width=\u00bb1270px\u00bb global_colors_info=\u00bb{}\u00bb][et_pb_column type=\u00bb3_5&#8243; _builder_version=\u00bb4.27.4&#8243; _module_preset=\u00bbdefault\u00bb global_colors_info=\u00bb{}\u00bb][et_pb_text _builder_version=\u00bb4.27.4&#8243; _module_preset=\u00bbdefault\u00bb text_font=\u00bb|700|||||||\u00bb text_text_color=\u00bb#1246AB\u00bb text_font_size=\u00bb45px\u00bb global_colors_info=\u00bb{}\u00bb]<\/p>\n<p>Nuestra historia<\/p>\n<p>[\/et_pb_text][et_pb_text _builder_version=\u00bb4.27.4&#8243; _module_preset=\u00bbdefault\u00bb text_font=\u00bb||||||||\u00bb text_text_color=\u00bb#1246AB\u00bb text_font_size=\u00bb25px\u00bb text_line_height=\u00bb1.2em\u00bb hover_enabled=\u00bb0&#8243; global_colors_info=\u00bb{}\u00bb sticky_enabled=\u00bb0&#8243;]<\/p>\n<p><strong data-start=\"139\" data-end=\"302\">Ferreter\u00eda Terriza, desde los a\u00f1os 70 en La Gangosa \u2013 V\u00edcar, ha crecido con esfuerzo y dedicaci\u00f3n hasta convertirse en un referente en la provincia de Almer\u00eda.<\/strong><br data-start=\"302\" data-end=\"305\" \/>Somos el punto de apoyo de confianza para el sector agr\u00edcola, la hosteler\u00eda, la construcci\u00f3n y los particulares que buscan calidad, variedad y buen servicio.<\/p>\n<p>[\/et_pb_text][\/et_pb_column][et_pb_column type=\u00bb2_5&#8243; _builder_version=\u00bb4.27.4&#8243; _module_preset=\u00bbdefault\u00bb global_colors_info=\u00bb{}\u00bb][\/et_pb_column][\/et_pb_row][\/et_pb_section][et_pb_section fb_built=\u00bb1&#8243; _builder_version=\u00bb4.27.4&#8243; _module_preset=\u00bbdefault\u00bb top_divider_height=\u00bb55px\u00bb global_colors_info=\u00bb{}\u00bb][et_pb_row column_structure=\u00bb3_5,2_5&#8243; _builder_version=\u00bb4.27.4&#8243; _module_preset=\u00bbdefault\u00bb width=\u00bb90%\u00bb max_width=\u00bb1270px\u00bb global_colors_info=\u00bb{}\u00bb][et_pb_column type=\u00bb3_5&#8243; _builder_version=\u00bb4.27.4&#8243; _module_preset=\u00bbdefault\u00bb global_colors_info=\u00bb{}\u00bb][et_pb_text _builder_version=\u00bb4.27.4&#8243; _module_preset=\u00bbdefault\u00bb text_font=\u00bb||||||||\u00bb text_font_size=\u00bb18px\u00bb text_orientation=\u00bbjustified\u00bb hover_enabled=\u00bb0&#8243; global_colors_info=\u00bb{}\u00bb sticky_enabled=\u00bb0&#8243;]<\/p>\n<h3 data-start=\"321\" data-end=\"381\">Ra\u00edces familiares, innovaci\u00f3n y compromiso con la tierra<\/h3>\n<p data-start=\"383\" data-end=\"745\"><strong data-start=\"383\" data-end=\"399\">Jos\u00e9 Terriza<\/strong> nace en Almer\u00eda en 1936, en el seno de una familia dedicada desde principios del siglo XX al mundo de la ferreter\u00eda y la madera. Su padre, <strong data-start=\"539\" data-end=\"564\">Jer\u00f3nimo Terriza Abad<\/strong>, junto a sus hermanos <strong data-start=\"587\" data-end=\"604\">Manuel y Juan<\/strong>, fundaron la sociedad <strong data-start=\"627\" data-end=\"656\">\u00abTerriza Hermanos S.R.C.\u00bb<\/strong>, con sede en el barrio de <strong data-start=\"683\" data-end=\"696\">La Chanca<\/strong>, donde regentaban una ferreter\u00eda y una serrer\u00eda.<\/p>\n<p data-start=\"747\" data-end=\"1023\">Tras completar su formaci\u00f3n universitaria como <strong data-start=\"794\" data-end=\"813\">Perito Agr\u00f3nomo<\/strong> en Madrid, Jos\u00e9 regresa a Almer\u00eda con 22 a\u00f1os y comienza a trabajar en el negocio familiar, donde permanece durante <strong data-start=\"930\" data-end=\"943\">doce a\u00f1os<\/strong>, aprendiendo el oficio y desarrollando una fuerte vocaci\u00f3n comercial y t\u00e9cnica.<\/p>\n<p data-start=\"1025\" data-end=\"1522\">Con la jubilaci\u00f3n de su padre en los a\u00f1os 70, Jos\u00e9 inicia su andadura profesional como <strong data-start=\"1112\" data-end=\"1151\">asesor t\u00e9cnico y comercial agr\u00edcola<\/strong>, coincidiendo con el auge de la agricultura de invernadero en la provincia. Es entonces cuando traslada su actividad al <strong data-start=\"1272\" data-end=\"1295\">Poniente almeriense<\/strong>, estableci\u00e9ndose frente a las <strong data-start=\"1326\" data-end=\"1354\">Alh\u00f3ndigas de La Gangosa<\/strong>, en el local que m\u00e1s adelante se convertir\u00eda en la actual <strong data-start=\"1413\" data-end=\"1445\">Ferreter\u00eda Jos\u00e9 Terriza Moro<\/strong>, situada en la antigua <strong data-start=\"1469\" data-end=\"1488\">carretera N-340<\/strong>, hoy <strong data-start=\"1494\" data-end=\"1521\">Bulevar Ciudad de V\u00edcar<\/strong>.<\/p>\n<p data-start=\"1524\" data-end=\"1961\">En los a\u00f1os 80, impulsado por su esp\u00edritu innovador, comienza a investigar nuevas soluciones para el campo. Desarrolla <strong data-start=\"1643\" data-end=\"1674\">sistemas de riego por goteo<\/strong> que ofrece directamente a los agricultores, obteniendo un \u00e9xito rotundo. Su inventiva y visi\u00f3n pr\u00e1ctica lo llevan a ser invitado a formar parte de la empresa <strong data-start=\"1833\" data-end=\"1858\">\u201cNovedades Agr\u00edcolas\u201d<\/strong> como socio, donde empieza a <strong data-start=\"1887\" data-end=\"1935\">comercializar productos tecnol\u00f3gicos propios<\/strong>, patentados por \u00e9l mismo.<\/p>\n<p>[\/et_pb_text][\/et_pb_column][et_pb_column type=\u00bb2_5&#8243; _builder_version=\u00bb4.27.4&#8243; _module_preset=\u00bbdefault\u00bb global_colors_info=\u00bb{}\u00bb][et_pb_image src=\u00bbhttp:\/\/ferreteriaterriza.com\/wp-content\/uploads\/2025\/04\/home-fachada.jpg\u00bb title_text=\u00bbhome-fachada\u00bb _builder_version=\u00bb4.27.4&#8243; _module_preset=\u00bbdefault\u00bb global_colors_info=\u00bb{}\u00bb][\/et_pb_image][\/et_pb_column][\/et_pb_row][et_pb_row column_structure=\u00bb2_5,3_5&#8243; _builder_version=\u00bb4.27.4&#8243; _module_preset=\u00bbdefault\u00bb width=\u00bb90%\u00bb max_width=\u00bb1270px\u00bb global_colors_info=\u00bb{}\u00bb][et_pb_column type=\u00bb2_5&#8243; _builder_version=\u00bb4.27.4&#8243; _module_preset=\u00bbdefault\u00bb global_colors_info=\u00bb{}\u00bb][et_pb_image src=\u00bbhttp:\/\/ferreteriaterriza.com\/wp-content\/uploads\/2025\/04\/home-banner-izq.jpg\u00bb title_text=\u00bbhome-banner-izq\u00bb _builder_version=\u00bb4.27.4&#8243; _module_preset=\u00bbdefault\u00bb global_colors_info=\u00bb{}\u00bb][\/et_pb_image][\/et_pb_column][et_pb_column type=\u00bb3_5&#8243; _builder_version=\u00bb4.27.4&#8243; _module_preset=\u00bbdefault\u00bb global_colors_info=\u00bb{}\u00bb][et_pb_text _builder_version=\u00bb4.27.4&#8243; _module_preset=\u00bbdefault\u00bb text_font=\u00bb||||||||\u00bb text_font_size=\u00bb18px\u00bb text_orientation=\u00bbjustified\u00bb hover_enabled=\u00bb0&#8243; global_colors_info=\u00bb{}\u00bb sticky_enabled=\u00bb0&#8243;]<\/p>\n<p data-start=\"392\" data-end=\"802\">La respuesta fue afirmativa, y as\u00ed comenz\u00f3 una fruct\u00edfera etapa de <strong data-start=\"459\" data-end=\"489\">cinco a\u00f1os de colaboraci\u00f3n<\/strong> con la empresa <em data-start=\"505\" data-end=\"526\">Novedades Agr\u00edcolas<\/em>, en la que <strong data-start=\"538\" data-end=\"554\">Jos\u00e9 Terriza<\/strong> y su equipo suministraron a los agricultores del Poniente almeriense los <strong data-start=\"628\" data-end=\"677\">accesorios necesarios para el riego por goteo<\/strong>, como abonadores, filtros y piezas de fibra de vidrio. El \u00e9xito fue inmediato: <strong data-start=\"757\" data-end=\"801\">la demanda super\u00f3 todas las expectativas<\/strong>.<\/p>\n<p data-start=\"804\" data-end=\"1011\">Sin embargo, los avances t\u00e9cnicos en el sector agr\u00edcola hicieron que la <strong data-start=\"876\" data-end=\"912\">fibra de vidrio quedara obsoleta<\/strong> como material, y tras cinco a\u00f1os de colaboraci\u00f3n, ambas partes <strong data-start=\"976\" data-end=\"1010\">se separaron de forma amistosa<\/strong>.<\/p>\n<h3 data-start=\"1013\" data-end=\"1047\">El nacimiento de la ferreter\u00eda<\/h3>\n<p data-start=\"1049\" data-end=\"1324\">Durante esta etapa, Jos\u00e9 ya hab\u00eda iniciado en paralelo su <strong data-start=\"1107\" data-end=\"1132\">negocio de ferreter\u00eda<\/strong>, complementando la venta de fertilizantes y productos para el suelo agr\u00edcola. Como \u00e9l mismo reconoc\u00eda, <strong data-start=\"1236\" data-end=\"1277\">la ferreter\u00eda era su verdadera pasi\u00f3n<\/strong>, una <strong data-start=\"1283\" data-end=\"1304\">herencia familiar<\/strong> que nunca abandon\u00f3.<\/p>\n<p data-start=\"1326\" data-end=\"1568\">Adem\u00e1s, detect\u00f3 una necesidad creciente de productos de <strong data-start=\"1382\" data-end=\"1405\">ferreter\u00eda agr\u00edcola<\/strong>, lo que se convirti\u00f3 en una <strong data-start=\"1434\" data-end=\"1466\">nueva oportunidad de negocio<\/strong>. As\u00ed naci\u00f3 <strong data-start=\"1478\" data-end=\"1505\">Ferreter\u00eda Jos\u00e9 Terriza<\/strong>, un proyecto que <strong data-start=\"1523\" data-end=\"1567\">no ha parado de crecer en m\u00e1s de 40 a\u00f1os<\/strong>.<\/p>\n<p data-start=\"1614\" data-end=\"1879\">En sus inicios, la ferreter\u00eda contaba con un solo empleado, <strong data-start=\"1674\" data-end=\"1691\">Antonio L\u00f3pez<\/strong>, que comenz\u00f3 como aprendiz con tan solo 16 a\u00f1os. Hoy, Antonio es <strong data-start=\"1757\" data-end=\"1781\">el encargado general<\/strong>, liderando un equipo de <strong data-start=\"1806\" data-end=\"1835\">casi veinte profesionales<\/strong> comprometidos con el servicio y la calidad.<\/p>\n<h3 data-start=\"1881\" data-end=\"1914\">Clientes, servicio y variedad<\/h3>\n<p data-start=\"1916\" data-end=\"2154\">La clientela de la ferreter\u00eda se ha consolidado principalmente en los sectores de la <strong data-start=\"2001\" data-end=\"2015\">hosteler\u00eda<\/strong> y la <strong data-start=\"2021\" data-end=\"2047\">agricultura almeriense<\/strong>, abasteciendo tanto a <strong data-start=\"2070\" data-end=\"2105\">cooperativas y fincas agr\u00edcolas<\/strong>, como a <strong data-start=\"2114\" data-end=\"2153\">hoteles y empresas de mantenimiento<\/strong>.<\/p>\n<p data-start=\"2156\" data-end=\"2320\">El servicio de reparto activo de lunes a viernes cubre tanto el <strong data-start=\"2220\" data-end=\"2242\">levante almeriense<\/strong> como, en mayor medida, <strong data-start=\"2266\" data-end=\"2281\">el poniente<\/strong>, garantizando una cobertura eficiente.<\/p>\n<p data-start=\"2322\" data-end=\"2622\">Como bien se\u00f1ala Jos\u00e9 Terriza, si hay algo que los define, es que en la ferreter\u00eda <strong data-start=\"2405\" data-end=\"2425\">\u201ctienen de todo\u201d<\/strong>. Desde <strong data-start=\"2433\" data-end=\"2468\">ferreter\u00eda general e industrial<\/strong>, hasta productos de <strong data-start=\"2489\" data-end=\"2621\">droguer\u00eda, peque\u00f1os electrodom\u00e9sticos, electricidad, herramientas agr\u00edcolas, repuestos, fontaner\u00eda, menaje y uniformes laborales<\/strong>.<\/p>\n<h3 data-start=\"2624\" data-end=\"2648\">Una nueva generaci\u00f3n<\/h3>\n<p data-start=\"2650\" data-end=\"2825\">Desde su jubilaci\u00f3n en los a\u00f1os 2000, son <strong data-start=\"2692\" data-end=\"2734\">sus hijas quienes han tomado el relevo<\/strong>, manteniendo el legado de su padre con la misma pasi\u00f3n, compromiso y vocaci\u00f3n de servicio.<\/p>\n<p>[\/et_pb_text][\/et_pb_column][\/et_pb_row][\/et_pb_section]<\/p>","protected":false},"excerpt":{"rendered":"<p>Nuestra historiaFerreter\u00eda Terriza, desde los a\u00f1os 70 en La Gangosa \u2013 V\u00edcar, ha crecido con esfuerzo y dedicaci\u00f3n hasta convertirse en un referente en la provincia de Almer\u00eda.Somos el punto de apoyo de confianza para el sector agr\u00edcola, la hosteler\u00eda, la construcci\u00f3n y los particulares que buscan calidad, variedad y buen servicio.Ra\u00edces familiares, innovaci\u00f3n y [&hellip;]<\/p>","protected":false},"author":2,"featured_media":0,"parent":0,"menu_order":0,"comment_status":"closed","ping_status":"closed","template":"","meta":{"_et_pb_use_builder":"on","_et_pb_old_content":"","_et_gb_content_width":"","footnotes":""},"class_list":["post-93","page","type-page","status-publish","hentry"],"_links":{"self":[{"href":"https:\/\/ferreteriaterriza.com\/en\/wp-json\/wp\/v2\/pages\/93","targetHints":{"allow":["GET"]}}],"collection":[{"href":"https:\/\/ferreteriaterriza.com\/en\/wp-json\/wp\/v2\/pages"}],"about":[{"href":"https:\/\/ferreteriaterriza.com\/en\/wp-json\/wp\/v2\/types\/page"}],"author":[{"embeddable":true,"href":"https:\/\/ferreteriaterriza.com\/en\/wp-json\/wp\/v2\/users\/2"}],"replies":[{"embeddable":true,"href":"https:\/\/ferreteriaterriza.com\/en\/wp-json\/wp\/v2\/comments?post=93"}],"version-history":[{"count":8,"href":"https:\/\/ferreteriaterriza.com\/en\/wp-json\/wp\/v2\/pages\/93\/revisions"}],"predecessor-version":[{"id":1093,"href":"https:\/\/ferreteriaterriza.com\/en\/wp-json\/wp\/v2\/pages\/93\/revisions\/1093"}],"wp:attachment":[{"href":"https:\/\/ferreteriaterriza.com\/en\/wp-json\/wp\/v2\/media?parent=93"}],"curies":[{"name":"wp","href":"https:\/\/api.w.org\/{rel}","templated":true}]}}